{"id":124,"date":"2026-03-04T17:04:47","date_gmt":"2026-03-04T17:04:47","guid":{"rendered":"https:\/\/costadelpercy.com.ar\/?page_id=124"},"modified":"2026-03-04T17:11:35","modified_gmt":"2026-03-04T17:11:35","slug":"las-cabanas","status":"publish","type":"page","link":"https:\/\/costadelpercy.com.ar\/index.php\/las-cabanas\/","title":{"rendered":"Las caba\u00f1as"},"content":{"rendered":"\n<p>Las <strong>Caba\u00f1as Costa del Percy<\/strong> combinan naturaleza y vida de pueblo en el mismo lugar.<\/p>\n\n\n\n<p>Ubicadas en una zona tranquila del centro de <strong>Trevelin<\/strong>, estamos a solo 150 metros de la avenida principal y a 400 metros de la plaza central, lo que permite recorrer el pueblo caminando y disfrutar sus casas de t\u00e9, comercios y restaurantes.<\/p>\n\n\n\n<p>A pocos pasos de las caba\u00f1as comienza la Costanera del <strong>R\u00edo Percy<\/strong>, donde el r\u00edo transcurre sereno entre \u00e1rboles y senderos, creando un espacio ideal para pasear, descansar y disfrutar del paisaje patag\u00f3nico.<\/p>\n\n\n\n<p style=\"font-size:clamp(17.905px, 1.119rem + ((1vw - 3.2px) * 0.893), 28px);\"><strong>Servicios<\/strong><\/p>\n\n\n\n<ul class=\"wp-block-list\">\n<li>Cocinas completamente equipadas con horno, heladera y vajilla completa.<\/li>\n\n\n\n<li>Ropa de cama, toallas y toallones.<\/li>\n\n\n\n<li>Limpieza cada 3 noches.<\/li>\n\n\n\n<li>Televisi\u00f3n por cable.<\/li>\n\n\n\n<li>Wifi.<\/li>\n\n\n\n<li>Estacionamiento pr\u00f3ximo a cada caba\u00f1a.<\/li>\n\n\n\n<li>Parrillas en el lugar.<\/li>\n<\/ul>\n\n\n\n<p><\/p>\n\n\n\n<p style=\"font-size:clamp(17.905px, 1.119rem + ((1vw - 3.2px) * 0.893), 28px);\"><strong>Cuidamos el ambiente<\/strong>&#8230;SUMATE!<\/p>\n\n\n\n<p>Desde Costa el Percy tratamos de reducir el impacto negativo que tenemos en el ambiente.<\/p>\n\n\n\n<p>Para esto <strong>cuidamos el agua, la luz,<\/strong> <strong>separamos los residuos diferenciando org\u00e1nicos de inorg\u00e1nicos. Hacemos ecoladrillos y somos un punto de recepci\u00f3n de los mismos.<\/strong> Lo  mismo ocurre con los <strong>vidrios<\/strong>, acopiamos y entregamos a emprendedores que reutilizan.<\/p>\n\n\n\n<p>Estas acciones y otras nos han permitido obtener el sello de Calidad Tur\u00edstica en cu\u00e1nto a Directrices de Sostenibilidad establecidas por el sector de Turismo Nacional. Lo compartimos con orgullo.<\/p>\n","protected":false},"excerpt":{"rendered":"<p>Las Caba\u00f1as Costa del Percy combinan naturaleza y vida de pueblo en el mismo lugar. Ubicadas en una zona tranquila del centro de Trevelin, estamos a solo 150 metros de la avenida principal y a 400 metros de la plaza central, lo que permite recorrer el pueblo caminando y disfrutar sus casas de t\u00e9, comercios &hellip; <\/p>\n<p class=\"link-more\"><a href=\"https:\/\/costadelpercy.com.ar\/index.php\/las-cabanas\/\" class=\"more-link\">Read more<span class=\"screen-reader-text\"> &#8220;Las caba\u00f1as&#8221;<\/span><\/a><\/p>\n","protected":false},"author":1,"featured_media":0,"parent":0,"menu_order":0,"comment_status":"closed","ping_status":"closed","template":"","meta":{"inspiro_hide_title":false,"footnotes":""},"class_list":["post-124","page","type-page","status-publish","hentry"],"_links":{"self":[{"href":"https:\/\/costadelpercy.com.ar\/index.php\/wp-json\/wp\/v2\/pages\/124","targetHints":{"allow":["GET"]}}],"collection":[{"href":"https:\/\/costadelpercy.com.ar\/index.php\/wp-json\/wp\/v2\/pages"}],"about":[{"href":"https:\/\/costadelpercy.com.ar\/index.php\/wp-json\/wp\/v2\/types\/page"}],"author":[{"embeddable":true,"href":"https:\/\/costadelpercy.com.ar\/index.php\/wp-json\/wp\/v2\/users\/1"}],"replies":[{"embeddable":true,"href":"https:\/\/costadelpercy.com.ar\/index.php\/wp-json\/wp\/v2\/comments?post=124"}],"version-history":[{"count":6,"href":"https:\/\/costadelpercy.com.ar\/index.php\/wp-json\/wp\/v2\/pages\/124\/revisions"}],"predecessor-version":[{"id":133,"href":"https:\/\/costadelpercy.com.ar\/index.php\/wp-json\/wp\/v2\/pages\/124\/revisions\/133"}],"wp:attachment":[{"href":"https:\/\/costadelpercy.com.ar\/index.php\/wp-json\/wp\/v2\/media?parent=124"}],"curies":[{"name":"wp","href":"https:\/\/api.w.org\/{rel}","templated":true}]}}